{"id":647,"date":"2026-09-03T08:55:59","date_gmt":"2026-09-03T08:55:59","guid":{"rendered":"https:\/\/vivre-ensemble.eu\/?page_id=647"},"modified":"2026-09-03T09:02:28","modified_gmt":"2026-09-03T09:02:28","slug":"employee-de-maison","status":"publish","type":"page","link":"https:\/\/vivre-ensemble.eu\/en\/employee-de-maison\/","title":{"rendered":"Employ\u00e9(e) de Maison"},"content":{"rendered":"<p>[et_pb_section fb_built=\u00a0\u00bb1&Prime; admin_label=\u00a0\u00bbHeader\u00a0\u00bb _builder_version=\u00a0\u00bb4.16&Prime; overflow-x=\u00a0\u00bbhidden\u00a0\u00bb overflow-y=\u00a0\u00bbhidden\u00a0\u00bb locked=\u00a0\u00bboff\u00a0\u00bb global_colors_info=\u00a0\u00bb{}\u00a0\u00bb theme_builder_area=\u00a0\u00bbpost_content\u00a0\u00bb][et_pb_row use_custom_gutter=\u00a0\u00bbon\u00a0\u00bb gutter_width=\u00a0\u00bb4&Prime; _builder_version=\u00a0\u00bb4.27.6&Prime; width=\u00a0\u00bb90%\u00a0\u00bb max_width=\u00a0\u00bb90%\u00a0\u00bb global_colors_info=\u00a0\u00bb{}\u00a0\u00bb theme_builder_area=\u00a0\u00bbpost_content\u00a0\u00bb][et_pb_column type=\u00a0\u00bb4_4&Prime; _builder_version=\u00a0\u00bb4.16&Prime; z_index=\u00a0\u00bb11&Prime; custom_padding=\u00a0\u00bb120px||||false|false\u00a0\u00bb custom_padding_tablet=\u00a0\u00bb0px||||false|false\u00a0\u00bb custom_padding_phone=\u00a0\u00bb\u00a0\u00bb custom_padding_last_edited=\u00a0\u00bbon|tablet\u00a0\u00bb global_colors_info=\u00a0\u00bb{}\u00a0\u00bb theme_builder_area=\u00a0\u00bbpost_content\u00a0\u00bb][et_pb_image src=\u00a0\u00bbhttps:\/\/vivre-ensemble.eu\/wp-content\/uploads\/2025\/05\/logojpeg2.jpg\u00a0\u00bb title_text=\u00a0\u00bblogojpeg2&Prime; align=\u00a0\u00bbcenter\u00a0\u00bb _builder_version=\u00a0\u00bb4.27.6&Prime; _module_preset=\u00a0\u00bbdefault\u00a0\u00bb width=\u00a0\u00bb54%\u00a0\u00bb max_width=\u00a0\u00bb24%\u00a0\u00bb global_colors_info=\u00a0\u00bb{}\u00a0\u00bb theme_builder_area=\u00a0\u00bbpost_content\u00a0\u00bb][\/et_pb_image][\/et_pb_column][\/et_pb_row][et_pb_row column_structure=\u00a0\u00bb3_5,2_5&Prime; use_custom_gutter=\u00a0\u00bbon\u00a0\u00bb gutter_width=\u00a0\u00bb4&Prime; _builder_version=\u00a0\u00bb4.27.6&Prime; width=\u00a0\u00bb90%\u00a0\u00bb max_width=\u00a0\u00bb90%\u00a0\u00bb global_colors_info=\u00a0\u00bb{}\u00a0\u00bb theme_builder_area=\u00a0\u00bbpost_content\u00a0\u00bb][et_pb_column type=\u00a0\u00bb3_5&Prime; _builder_version=\u00a0\u00bb4.16&Prime; z_index=\u00a0\u00bb11&Prime; custom_padding=\u00a0\u00bb120px||||false|false\u00a0\u00bb custom_padding_tablet=\u00a0\u00bb0px||||false|false\u00a0\u00bb custom_padding_phone=\u00a0\u00bb\u00a0\u00bb custom_padding_last_edited=\u00a0\u00bbon|tablet\u00a0\u00bb global_colors_info=\u00a0\u00bb{}\u00a0\u00bb theme_builder_area=\u00a0\u00bbpost_content\u00a0\u00bb][et_pb_text _builder_version=\u00a0\u00bb4.27.8&Prime; text_font=\u00a0\u00bbRubik||||||||\u00a0\u00bb text_font_size=\u00a0\u00bb18px\u00a0\u00bb text_line_height=\u00a0\u00bb2em\u00a0\u00bb header_font=\u00a0\u00bbRubik|500|||||||\u00a0\u00bb header_text_color=\u00a0\u00bb#1a3066&Prime; header_font_size=\u00a0\u00bb54px\u00a0\u00bb header_line_height=\u00a0\u00bb1.3em\u00a0\u00bb width=\u00a0\u00bb75%\u00a0\u00bb max_width=\u00a0\u00bb75%\u00a0\u00bb hover_enabled=\u00a0\u00bb0&Prime; text_font_size_tablet=\u00a0\u00bb16px\u00a0\u00bb text_font_size_phone=\u00a0\u00bb14px\u00a0\u00bb text_font_size_last_edited=\u00a0\u00bbon|phone\u00a0\u00bb header_font_size_tablet=\u00a0\u00bb44px\u00a0\u00bb header_font_size_phone=\u00a0\u00bb26px\u00a0\u00bb header_font_size_last_edited=\u00a0\u00bbon|phone\u00a0\u00bb global_colors_info=\u00a0\u00bb{}\u00a0\u00bb theme_builder_area=\u00a0\u00bbpost_content\u00a0\u00bb sticky_enabled=\u00a0\u00bb0&Prime;]<\/p>\n<h1>Employ\u00e9 de Maison \u00e0 Monaco<\/h1>\n<p>Le m\u00e9tier d\u2019employ\u00e9 de maison occupe une place essentielle dans le quotidien de nombreux foyers mon\u00e9gasques, qu\u2019il s\u2019agisse de familles actives, de personnes \u00e2g\u00e9es ou de particuliers ayant simplement besoin d\u2019un soutien dans la gestion de leur domicile. Ce r\u00f4le, souvent per\u00e7u comme secondaire, recouvre en r\u00e9alit\u00e9 une diversit\u00e9 de t\u00e2ches et exige des comp\u00e9tences vari\u00e9es, tant techniques que relationnelles, dans une Principaut\u00e9 o\u00f9 ce secteur est particuli\u00e8rement d\u00e9velopp\u00e9 en raison de la concentration de r\u00e9sidences priv\u00e9es et de grandes propri\u00e9t\u00e9s.<\/p>\n<p>L\u2019employ\u00e9 de maison intervient principalement dans l\u2019entretien du domicile : m\u00e9nage, repassage, rangement, entretien du linge, et parfois pr\u00e9paration des repas, voire \u00e0 de petites t\u00e2ches de jardinage ou d\u2019assistance administrative. Cette polyvalence fait de ce m\u00e9tier un pilier du bon fonctionnement des foyers, particuli\u00e8rement dans un contexte o\u00f9 la vie professionnelle laisse peu de temps aux t\u00e2ches domestiques.<\/p>\n<p>Au-del\u00e0 des comp\u00e9tences pratiques, ce m\u00e9tier demande une grande rigueur et un sens aigu de l\u2019organisation. L\u2019employ\u00e9 de maison doit savoir g\u00e9rer son temps efficacement, anticiper les besoins du foyer et s\u2019adapter aux exigences sp\u00e9cifiques de chaque employeur, puisque chaque domicile a ses propres habitudes et attentes.<\/p>\n<p>La discr\u00e9tion est \u00e9galement une qualit\u00e9 fondamentale : intervenant souvent dans l\u2019intimit\u00e9 d\u2019un foyer, l\u2019employ\u00e9 de maison c\u00f4toie la vie priv\u00e9e des personnes qu\u2019il sert et doit faire preuve d\u2019une totale confidentialit\u00e9.<br \/>La confiance occupe une place centrale dans cette relation de travail. Contrairement \u00e0 de nombreux m\u00e9tiers exerc\u00e9s dans un cadre collectif, l\u2019employ\u00e9 de maison travaille g\u00e9n\u00e9ralement seul, au sein du domicile de son employeur, ce qui suppose une relation de proximit\u00e9 et de loyaut\u00e9 r\u00e9ciproque. Cette confiance se construit dans la dur\u00e9e.<\/p>\n<p>Sur le plan des qualifications, l\u2019exp\u00e9rience et les r\u00e9f\u00e9rences constituent des atouts majeurs, \u00e9tant donn\u00e9 le niveau d\u2019exigence des foyers employeurs en Principaut\u00e9. En somme, l\u2019employ\u00e9 de maison exerce \u00e0 Monaco un m\u00e9tier exigeant, encadr\u00e9 par une r\u00e9glementation propre \u00e0 la Principaut\u00e9, fond\u00e9 sur la confiance, la discr\u00e9tion et le savoir-faire pratique, qui contribue de mani\u00e8re discr\u00e8te mais essentielle au bien-\u00eatre quotidien des foyers qu\u2019il accompagne.<\/p>\n<p>[\/et_pb_text][et_pb_button button_url=\u00a0\u00bbhttps:\/\/vivre-ensemble.eu\/contactez-nous\/\u00a0\u00bb button_text=\u00a0\u00bbPrenez contact\u00a0\u00bb button_alignment=\u00a0\u00bbcenter\u00a0\u00bb _builder_version=\u00a0\u00bb4.27.6&Prime; custom_button=\u00a0\u00bbon\u00a0\u00bb button_text_size=\u00a0\u00bb18px\u00a0\u00bb button_text_color=\u00a0\u00bb#1A3066&Prime; button_bg_color=\u00a0\u00bb#ffcc57&Prime; button_border_width=\u00a0\u00bb0px\u00a0\u00bb button_border_radius=\u00a0\u00bb100px\u00a0\u00bb button_font=\u00a0\u00bbRubik|500||on|||||\u00a0\u00bb custom_padding=\u00a0\u00bb16px|40px|16px|40px|true|true\u00a0\u00bb button_text_size_tablet=\u00a0\u00bb\u00a0\u00bb button_text_size_phone=\u00a0\u00bb14px\u00a0\u00bb button_text_size_last_edited=\u00a0\u00bbon|phone\u00a0\u00bb global_colors_info=\u00a0\u00bb{}\u00a0\u00bb theme_builder_area=\u00a0\u00bbpost_content\u00a0\u00bb][\/et_pb_button][\/et_pb_column][et_pb_column type=\u00a0\u00bb2_5&Prime; _builder_version=\u00a0\u00bb4.16&Prime; global_colors_info=\u00a0\u00bb{}\u00a0\u00bb theme_builder_area=\u00a0\u00bbpost_content\u00a0\u00bb][et_pb_image src=\u00a0\u00bbhttps:\/\/vivre-ensemble.eu\/wp-content\/uploads\/2026\/06\/Employe-de-maison-polyvalent-Monaco.png\u00a0\u00bb title_text=\u00a0\u00bbEmploy\u00e9 de maison polyvalent Monaco\u00a0\u00bb _builder_version=\u00a0\u00bb4.27.8&Prime; custom_margin=\u00a0\u00bb10vw|-20vw||-50%|false|false\u00a0\u00bb custom_margin_tablet=\u00a0\u00bb|0px||0px|false|true\u00a0\u00bb custom_margin_phone=\u00a0\u00bb\u00a0\u00bb custom_margin_last_edited=\u00a0\u00bbon|phone\u00a0\u00bb hover_enabled=\u00a0\u00bb0&Prime; global_colors_info=\u00a0\u00bb{}\u00a0\u00bb theme_builder_area=\u00a0\u00bbpost_content\u00a0\u00bb sticky_enabled=\u00a0\u00bb0&Prime;][\/et_pb_image][\/et_pb_column][\/et_pb_row][\/et_pb_section][et_pb_section fb_built=\u00a0\u00bb1&Prime; admin_label=\u00a0\u00bbCategories\u00a0\u00bb _builder_version=\u00a0\u00bb4.16&Prime; locked=\u00a0\u00bboff\u00a0\u00bb global_colors_info=\u00a0\u00bb{}\u00a0\u00bb theme_builder_area=\u00a0\u00bbpost_content\u00a0\u00bb][et_pb_row _builder_version=\u00a0\u00bb4.16&Prime; locked=\u00a0\u00bboff\u00a0\u00bb global_colors_info=\u00a0\u00bb{}\u00a0\u00bb theme_builder_area=\u00a0\u00bbpost_content\u00a0\u00bb][et_pb_column type=\u00a0\u00bb4_4&Prime; _builder_version=\u00a0\u00bb4.16&Prime; global_colors_info=\u00a0\u00bb{}\u00a0\u00bb theme_builder_area=\u00a0\u00bbpost_content\u00a0\u00bb][et_pb_image src=\u00a0\u00bbhttps:\/\/vivre-ensemble.eu\/wp-content\/uploads\/2026\/06\/Path.png\u00a0\u00bb title_text=\u00a0\u00bbPath\u00a0\u00bb _builder_version=\u00a0\u00bb4.16&Prime; positioning=\u00a0\u00bbabsolute\u00a0\u00bb horizontal_offset=\u00a0\u00bb-4vw\u00a0\u00bb horizontal_offset_tablet=\u00a0\u00bb0vw\u00a0\u00bb horizontal_offset_phone=\u00a0\u00bb\u00a0\u00bb horizontal_offset_last_edited=\u00a0\u00bbon|desktop\u00a0\u00bb position_origin_a_last_edited=\u00a0\u00bboff|phone\u00a0\u00bb position_origin_f_last_edited=\u00a0\u00bboff|phone\u00a0\u00bb position_origin_r_last_edited=\u00a0\u00bboff|phone\u00a0\u00bb width_tablet=\u00a0\u00bb20%\u00a0\u00bb width_phone=\u00a0\u00bb20%\u00a0\u00bb width_last_edited=\u00a0\u00bbon|phone\u00a0\u00bb custom_margin_tablet=\u00a0\u00bb|||0vw|false|false\u00a0\u00bb custom_margin_phone=\u00a0\u00bb|||0vw|false|false\u00a0\u00bb custom_margin_last_edited=\u00a0\u00bboff|desktop\u00a0\u00bb scroll_rotating_enable=\u00a0\u00bbon\u00a0\u00bb scroll_rotating=\u00a0\u00bb0|50|50|100|45\u00b0|0|-45\u00b0\u00a0\u00bb positioning_last_edited=\u00a0\u00bboff|phone\u00a0\u00bb global_colors_info=\u00a0\u00bb{}\u00a0\u00bb theme_builder_area=\u00a0\u00bbpost_content\u00a0\u00bb][\/et_pb_image][et_pb_image src=\u00a0\u00bbhttps:\/\/vivre-ensemble.eu\/wp-content\/uploads\/2026\/06\/Path-1.png\u00a0\u00bb title_text=\u00a0\u00bbPath\u00a0\u00bb _builder_version=\u00a0\u00bb4.16&Prime; positioning=\u00a0\u00bbabsolute\u00a0\u00bb position_origin_a=\u00a0\u00bbtop_right\u00a0\u00bb width_tablet=\u00a0\u00bb20%\u00a0\u00bb width_phone=\u00a0\u00bb20%\u00a0\u00bb width_last_edited=\u00a0\u00bbon|phone\u00a0\u00bb custom_margin=\u00a0\u00bb|-4vw|||false|false\u00a0\u00bb custom_margin_tablet=\u00a0\u00bb|0vw|||false|false\u00a0\u00bb custom_margin_phone=\u00a0\u00bb\u00a0\u00bb custom_margin_last_edited=\u00a0\u00bbon|tablet\u00a0\u00bb scroll_vertical_motion_enable=\u00a0\u00bbon\u00a0\u00bb scroll_vertical_motion=\u00a0\u00bb0|50|50|100|1|0|-1&Prime; scroll_rotating_enable=\u00a0\u00bbon\u00a0\u00bb scroll_rotating=\u00a0\u00bb0|50|50|100|-35\u00b0|0|35\u00b0\u00a0\u00bb global_colors_info=\u00a0\u00bb{}\u00a0\u00bb theme_builder_area=\u00a0\u00bbpost_content\u00a0\u00bb][\/et_pb_image][et_pb_divider color=\u00a0\u00bb#6E98F2&Prime; divider_weight=\u00a0\u00bb8px\u00a0\u00bb _builder_version=\u00a0\u00bb4.16&Prime; width=\u00a0\u00bb100%\u00a0\u00bb max_width=\u00a0\u00bb40px\u00a0\u00bb module_alignment=\u00a0\u00bbcenter\u00a0\u00bb global_colors_info=\u00a0\u00bb{}\u00a0\u00bb theme_builder_area=\u00a0\u00bbpost_content\u00a0\u00bb][\/et_pb_divider][\/et_pb_column][\/et_pb_row][\/et_pb_section]<\/p>\n","protected":false},"excerpt":{"rendered":"<p>Employ\u00e9 de Maison \u00e0 Monaco Le m\u00e9tier d\u2019employ\u00e9 de maison occupe une place essentielle dans le quotidien de nombreux foyers mon\u00e9gasques, qu\u2019il s\u2019agisse de familles actives, de personnes \u00e2g\u00e9es ou de particuliers ayant simplement besoin d\u2019un soutien dans la gestion de leur domicile. Ce r\u00f4le, souvent per\u00e7u comme secondaire, recouvre en r\u00e9alit\u00e9 une diversit\u00e9 de [&hellip;]<\/p>\n","protected":false},"author":1,"featured_media":0,"parent":0,"menu_order":0,"comment_status":"closed","ping_status":"closed","template":"","meta":{"_et_pb_use_builder":"on","_et_pb_old_content":"","_et_gb_content_width":"","inline_featured_image":false,"footnotes":""},"class_list":["post-647","page","type-page","status-publish","hentry"],"yoast_head":"<!-- This site is optimized with the Yoast SEO plugin v28.4 - https:\/\/yoast.com\/product\/yoast-seo-wordpress\/ -->\n<title>Employ\u00e9(e) de Maison - vivre-ensemble.eu<\/title>\n<meta name=\"robots\" content=\"index, follow, max-snippet:-1, max-image-preview:large, max-video-preview:-1\" \/>\n<link rel=\"canonical\" href=\"https:\/\/vivre-ensemble.eu\/en\/employee-de-maison\/\" \/>\n<meta property=\"og:locale\" content=\"en_GB\" \/>\n<meta property=\"og:type\" content=\"article\" \/>\n<meta property=\"og:title\" content=\"Employ\u00e9(e) de Maison - vivre-ensemble.eu\" \/>\n<meta property=\"og:description\" content=\"Employ\u00e9 de Maison \u00e0 Monaco Le m\u00e9tier d\u2019employ\u00e9 de maison occupe une place essentielle dans le quotidien de nombreux foyers mon\u00e9gasques, qu\u2019il s\u2019agisse de familles actives, de personnes \u00e2g\u00e9es ou de particuliers ayant simplement besoin d\u2019un soutien dans la gestion de leur domicile. Ce r\u00f4le, souvent per\u00e7u comme secondaire, recouvre en r\u00e9alit\u00e9 une diversit\u00e9 de [&hellip;]\" \/>\n<meta property=\"og:url\" content=\"https:\/\/vivre-ensemble.eu\/en\/employee-de-maison\/\" \/>\n<meta property=\"og:site_name\" content=\"vivre-ensemble.eu\" \/>\n<meta property=\"article:publisher\" content=\"https:\/\/www.facebook.com\/people\/Vivre-Ensemble-Monaco\/pfbid0vAkVJcSsVGG3FYjwGDFXj6sS3c36qEjrLbqo1rUCWisMD5VU9ctPcEEecFxdHXccl\/\" \/>\n<meta property=\"article:modified_time\" content=\"2026-09-03T09:02:28+00:00\" \/>\n<meta name=\"twitter:card\" content=\"summary_large_image\" \/>\n<script type=\"application\/ld+json\" class=\"yoast-schema-graph\">{\"@context\":\"https:\\\/\\\/schema.org\",\"@graph\":[{\"@type\":\"WebPage\",\"@id\":\"https:\\\/\\\/vivre-ensemble.eu\\\/employee-de-maison\\\/\",\"url\":\"https:\\\/\\\/vivre-ensemble.eu\\\/employee-de-maison\\\/\",\"name\":\"Employ\u00e9(e) de Maison - vivre-ensemble.eu\",\"isPartOf\":{\"@id\":\"https:\\\/\\\/vivre-ensemble.eu\\\/#website\"},\"datePublished\":\"2026-09-03T08:55:59+00:00\",\"dateModified\":\"2026-09-03T09:02:28+00:00\",\"breadcrumb\":{\"@id\":\"https:\\\/\\\/vivre-ensemble.eu\\\/employee-de-maison\\\/#breadcrumb\"},\"inLanguage\":\"en-GB\",\"potentialAction\":[{\"@type\":\"ReadAction\",\"target\":[\"https:\\\/\\\/vivre-ensemble.eu\\\/employee-de-maison\\\/\"]}]},{\"@type\":\"BreadcrumbList\",\"@id\":\"https:\\\/\\\/vivre-ensemble.eu\\\/employee-de-maison\\\/#breadcrumb\",\"itemListElement\":[{\"@type\":\"ListItem\",\"position\":1,\"name\":\"Accueil\",\"item\":\"https:\\\/\\\/vivre-ensemble.eu\\\/\"},{\"@type\":\"ListItem\",\"position\":2,\"name\":\"Employ\u00e9(e) de Maison\"}]},{\"@type\":\"WebSite\",\"@id\":\"https:\\\/\\\/vivre-ensemble.eu\\\/#website\",\"url\":\"https:\\\/\\\/vivre-ensemble.eu\\\/\",\"name\":\"vivre-ensemble Monaco\",\"description\":\"\",\"publisher\":{\"@id\":\"https:\\\/\\\/vivre-ensemble.eu\\\/#organization\"},\"potentialAction\":[{\"@type\":\"SearchAction\",\"target\":{\"@type\":\"EntryPoint\",\"urlTemplate\":\"https:\\\/\\\/vivre-ensemble.eu\\\/?s={search_term_string}\"},\"query-input\":{\"@type\":\"PropertyValueSpecification\",\"valueRequired\":true,\"valueName\":\"search_term_string\"}}],\"inLanguage\":\"en-GB\"},{\"@type\":\"Organization\",\"@id\":\"https:\\\/\\\/vivre-ensemble.eu\\\/#organization\",\"name\":\"vivre-ensemble.eu\",\"url\":\"https:\\\/\\\/vivre-ensemble.eu\\\/\",\"logo\":{\"@type\":\"ImageObject\",\"inLanguage\":\"en-GB\",\"@id\":\"https:\\\/\\\/vivre-ensemble.eu\\\/#\\\/schema\\\/logo\\\/image\\\/\",\"url\":\"https:\\\/\\\/vivre-ensemble.eu\\\/wp-content\\\/uploads\\\/2025\\\/05\\\/icon-jepg.jpg\",\"contentUrl\":\"https:\\\/\\\/vivre-ensemble.eu\\\/wp-content\\\/uploads\\\/2025\\\/05\\\/icon-jepg.jpg\",\"width\":335,\"height\":317,\"caption\":\"vivre-ensemble.eu\"},\"image\":{\"@id\":\"https:\\\/\\\/vivre-ensemble.eu\\\/#\\\/schema\\\/logo\\\/image\\\/\"},\"sameAs\":[\"https:\\\/\\\/www.facebook.com\\\/people\\\/Vivre-Ensemble-Monaco\\\/pfbid0vAkVJcSsVGG3FYjwGDFXj6sS3c36qEjrLbqo1rUCWisMD5VU9ctPcEEecFxdHXccl\\\/\",\"https:\\\/\\\/www.instagram.com\\\/vivreensemblemonaco\\\/\"]}]}<\/script>\n<!-- \/ Yoast SEO plugin. -->","yoast_head_json":{"title":"Employ\u00e9(e) de Maison - vivre-ensemble.eu","robots":{"index":"index","follow":"follow","max-snippet":"max-snippet:-1","max-image-preview":"max-image-preview:large","max-video-preview":"max-video-preview:-1"},"canonical":"https:\/\/vivre-ensemble.eu\/en\/employee-de-maison\/","og_locale":"en_GB","og_type":"article","og_title":"Employ\u00e9(e) de Maison - vivre-ensemble.eu","og_description":"Employ\u00e9 de Maison \u00e0 Monaco Le m\u00e9tier d\u2019employ\u00e9 de maison occupe une place essentielle dans le quotidien de nombreux foyers mon\u00e9gasques, qu\u2019il s\u2019agisse de familles actives, de personnes \u00e2g\u00e9es ou de particuliers ayant simplement besoin d\u2019un soutien dans la gestion de leur domicile. Ce r\u00f4le, souvent per\u00e7u comme secondaire, recouvre en r\u00e9alit\u00e9 une diversit\u00e9 de [&hellip;]","og_url":"https:\/\/vivre-ensemble.eu\/en\/employee-de-maison\/","og_site_name":"vivre-ensemble.eu","article_publisher":"https:\/\/www.facebook.com\/people\/Vivre-Ensemble-Monaco\/pfbid0vAkVJcSsVGG3FYjwGDFXj6sS3c36qEjrLbqo1rUCWisMD5VU9ctPcEEecFxdHXccl\/","article_modified_time":"2026-09-03T09:02:28+00:00","twitter_card":"summary_large_image","schema":{"@context":"https:\/\/schema.org","@graph":[{"@type":"WebPage","@id":"https:\/\/vivre-ensemble.eu\/employee-de-maison\/","url":"https:\/\/vivre-ensemble.eu\/employee-de-maison\/","name":"Employ\u00e9(e) de Maison - vivre-ensemble.eu","isPartOf":{"@id":"https:\/\/vivre-ensemble.eu\/#website"},"datePublished":"2026-09-03T08:55:59+00:00","dateModified":"2026-09-03T09:02:28+00:00","breadcrumb":{"@id":"https:\/\/vivre-ensemble.eu\/employee-de-maison\/#breadcrumb"},"inLanguage":"en-GB","potentialAction":[{"@type":"ReadAction","target":["https:\/\/vivre-ensemble.eu\/employee-de-maison\/"]}]},{"@type":"BreadcrumbList","@id":"https:\/\/vivre-ensemble.eu\/employee-de-maison\/#breadcrumb","itemListElement":[{"@type":"ListItem","position":1,"name":"Accueil","item":"https:\/\/vivre-ensemble.eu\/"},{"@type":"ListItem","position":2,"name":"Employ\u00e9(e) de Maison"}]},{"@type":"WebSite","@id":"https:\/\/vivre-ensemble.eu\/#website","url":"https:\/\/vivre-ensemble.eu\/","name":"vivre-ensemble Monaco","description":"","publisher":{"@id":"https:\/\/vivre-ensemble.eu\/#organization"},"potentialAction":[{"@type":"SearchAction","target":{"@type":"EntryPoint","urlTemplate":"https:\/\/vivre-ensemble.eu\/?s={search_term_string}"},"query-input":{"@type":"PropertyValueSpecification","valueRequired":true,"valueName":"search_term_string"}}],"inLanguage":"en-GB"},{"@type":"Organization","@id":"https:\/\/vivre-ensemble.eu\/#organization","name":"vivre-ensemble.eu","url":"https:\/\/vivre-ensemble.eu\/","logo":{"@type":"ImageObject","inLanguage":"en-GB","@id":"https:\/\/vivre-ensemble.eu\/#\/schema\/logo\/image\/","url":"https:\/\/vivre-ensemble.eu\/wp-content\/uploads\/2025\/05\/icon-jepg.jpg","contentUrl":"https:\/\/vivre-ensemble.eu\/wp-content\/uploads\/2025\/05\/icon-jepg.jpg","width":335,"height":317,"caption":"vivre-ensemble.eu"},"image":{"@id":"https:\/\/vivre-ensemble.eu\/#\/schema\/logo\/image\/"},"sameAs":["https:\/\/www.facebook.com\/people\/Vivre-Ensemble-Monaco\/pfbid0vAkVJcSsVGG3FYjwGDFXj6sS3c36qEjrLbqo1rUCWisMD5VU9ctPcEEecFxdHXccl\/","https:\/\/www.instagram.com\/vivreensemblemonaco\/"]}]}},"_links":{"self":[{"href":"https:\/\/vivre-ensemble.eu\/en\/wp-json\/wp\/v2\/pages\/647","targetHints":{"allow":["GET"]}}],"collection":[{"href":"https:\/\/vivre-ensemble.eu\/en\/wp-json\/wp\/v2\/pages"}],"about":[{"href":"https:\/\/vivre-ensemble.eu\/en\/wp-json\/wp\/v2\/types\/page"}],"author":[{"embeddable":true,"href":"https:\/\/vivre-ensemble.eu\/en\/wp-json\/wp\/v2\/users\/1"}],"replies":[{"embeddable":true,"href":"https:\/\/vivre-ensemble.eu\/en\/wp-json\/wp\/v2\/comments?post=647"}],"version-history":[{"count":4,"href":"https:\/\/vivre-ensemble.eu\/en\/wp-json\/wp\/v2\/pages\/647\/revisions"}],"predecessor-version":[{"id":653,"href":"https:\/\/vivre-ensemble.eu\/en\/wp-json\/wp\/v2\/pages\/647\/revisions\/653"}],"wp:attachment":[{"href":"https:\/\/vivre-ensemble.eu\/en\/wp-json\/wp\/v2\/media?parent=647"}],"curies":[{"name":"wp","href":"https:\/\/api.w.org\/{rel}","templated":true}]}}